{"id":15,"date":"2025-03-10T15:10:39","date_gmt":"2025-03-10T14:10:39","guid":{"rendered":"https:\/\/cdvoile31.fr\/?page_id=15"},"modified":"2026-01-26T16:01:23","modified_gmt":"2026-01-26T15:01:23","slug":"les-clubs-voisins","status":"publish","type":"page","link":"https:\/\/cdvoile31.fr\/index.php\/les-clubs-voisins\/","title":{"rendered":"Club voisins"},"content":{"rendered":"\n<p><\/p>\n\n\n\n<p><\/p>\n\n\n\n<p><strong>Le Crit\u00e9rium du Grand Ouest Occitan<\/strong> propose une s\u00e9rie de r\u00e9gates dans 10 clubs d\u2019eaux int\u00e9rieures d\u2019Occitanie. Une occasion sympa d\u2019aller naviguer sur les plans d\u2019eau d&rsquo;Occitanie&#8230;<\/p>\n\n\n\n<p>N\u2019h\u00e9sitez pas \u00e0 consulter l<a href=\"http:\/\/cvtg-voile82.fr\/wp-content\/uploads\/2025\/03\/Reglement-du-Criterium-GOO-2025.pdf\" target=\"_blank\" rel=\"noreferrer noopener\">\u2018avis de course<\/a>&nbsp;et \u00e0 venir participer \u00e0 ces belles r\u00e9gates en toute convivialit\u00e9.<\/p>\n\n\n\n<div class=\"wp-block-media-text is-stacked-on-mobile\" style=\"grid-template-columns:15% auto\"><figure class=\"wp-block-media-text__media\"><img loading=\"lazy\" decoding=\"async\" width=\"224\" height=\"224\" src=\"https:\/\/cdvoile31.fr\/wp-content\/uploads\/2025\/05\/telechargement.png\" alt=\"\" class=\"wp-image-265 size-full\" srcset=\"https:\/\/cdvoile31.fr\/wp-content\/uploads\/2025\/05\/telechargement.png 224w, https:\/\/cdvoile31.fr\/wp-content\/uploads\/2025\/05\/telechargement-150x150.png 150w\" sizes=\"(max-width: 224px) 100vw, 224px\" \/><\/figure><div class=\"wp-block-media-text__content\">\n<p><a href=\"https:\/\/cvthouxstcricq.fr\/\" target=\"_blank\" rel=\"noreferrer noopener\">R\u00e9gate du Tariquet 26 avril 2026 &#8211; Lac de Thoux Saint Cricq (32)<\/a><\/p>\n<\/div><\/div>\n\n\n\n<div class=\"wp-block-media-text is-stacked-on-mobile\" style=\"grid-template-columns:15% auto\"><figure class=\"wp-block-media-text__media\"><img loading=\"lazy\" decoding=\"async\" width=\"156\" height=\"156\" src=\"http:\/\/cdvoile31.fr\/wp-content\/uploads\/2025\/05\/logo-cvrl.png\" alt=\"\" class=\"wp-image-257 size-full\" srcset=\"https:\/\/cdvoile31.fr\/wp-content\/uploads\/2025\/05\/logo-cvrl.png 156w, https:\/\/cdvoile31.fr\/wp-content\/uploads\/2025\/05\/logo-cvrl-150x150.png 150w\" sizes=\"(max-width: 156px) 100vw, 156px\" \/><\/figure><div class=\"wp-block-media-text__content\">\n<p><a href=\"https:\/\/www.cvrl.fr\/\" target=\"_blank\" rel=\"noreferrer noopener\">R\u00e9gate 10 mai 2026 &#8211; Lac de Montbel (09)<\/a><\/p>\n<\/div><\/div>\n\n\n\n<div class=\"wp-block-media-text is-stacked-on-mobile\" style=\"grid-template-columns:15% auto\"><figure class=\"wp-block-media-text__media\"><img loading=\"lazy\" decoding=\"async\" width=\"271\" height=\"215\" src=\"https:\/\/cdvoile31.fr\/wp-content\/uploads\/2025\/05\/logo-vhv-1.png\" alt=\"\" class=\"wp-image-273 size-full\"\/><\/figure><div class=\"wp-block-media-text__content\">\n<p><a href=\"http:\/\/www.handi-voile-en-midi-pyrenees.fr\/\" target=\"_blank\" rel=\"noreferrer noopener\">R\u00e9gate 19 juin 2026 &#8211; Saix Etang de Saix (81)<\/a><\/p>\n<\/div><\/div>\n\n\n\n<div class=\"wp-block-media-text is-stacked-on-mobile\" style=\"grid-template-columns:15% auto\"><figure class=\"wp-block-media-text__media\"><img loading=\"lazy\" decoding=\"async\" width=\"768\" height=\"768\" src=\"https:\/\/cdvoile31.fr\/wp-content\/uploads\/2025\/05\/logoVoile-768x768-1.png\" alt=\"\" class=\"wp-image-267 size-full\" srcset=\"https:\/\/cdvoile31.fr\/wp-content\/uploads\/2025\/05\/logoVoile-768x768-1.png 768w, https:\/\/cdvoile31.fr\/wp-content\/uploads\/2025\/05\/logoVoile-768x768-1-300x300.png 300w, https:\/\/cdvoile31.fr\/wp-content\/uploads\/2025\/05\/logoVoile-768x768-1-150x150.png 150w\" sizes=\"(max-width: 768px) 100vw, 768px\" \/><\/figure><div class=\"wp-block-media-text__content\">\n<p><a href=\"https:\/\/cyvp.com\/en\/base-nautique\/\" data-type=\"link\" data-id=\"https:\/\/cyvp.com\/en\/base-nautique\/\" target=\"_blank\" rel=\"noreferrer noopener\">R\u00e9gate 20 septembre 2026 &#8211; Lac de Pareloup (12)<\/a><\/p>\n<\/div><\/div>\n\n\n\n<div class=\"wp-block-media-text is-stacked-on-mobile\" style=\"grid-template-columns:15% auto\"><figure class=\"wp-block-media-text__media\"><img loading=\"lazy\" decoding=\"async\" width=\"512\" height=\"512\" src=\"https:\/\/cdvoile31.fr\/wp-content\/uploads\/2025\/05\/cropped-cropped-0-entete-cvtg-2020.jpg\" alt=\"\" class=\"wp-image-268 size-full\" srcset=\"https:\/\/cdvoile31.fr\/wp-content\/uploads\/2025\/05\/cropped-cropped-0-entete-cvtg-2020.jpg 512w, https:\/\/cdvoile31.fr\/wp-content\/uploads\/2025\/05\/cropped-cropped-0-entete-cvtg-2020-300x300.jpg 300w, https:\/\/cdvoile31.fr\/wp-content\/uploads\/2025\/05\/cropped-cropped-0-entete-cvtg-2020-150x150.jpg 150w\" sizes=\"(max-width: 512px) 100vw, 512px\" \/><\/figure><div class=\"wp-block-media-text__content\">\n<p><a href=\"https:\/\/cvtg-voile82.fr\/\" target=\"_blank\" rel=\"noreferrer noopener\">R\u00e9gate du Chasselas 27 septembre 2026 &#8211; Plan d&rsquo;eau de St Nicolas de la Grave (82)<\/a><\/p>\n<\/div><\/div>\n\n\n\n<div class=\"wp-block-media-text is-stacked-on-mobile\" style=\"grid-template-columns:15% auto\"><figure class=\"wp-block-media-text__media\"><img loading=\"lazy\" decoding=\"async\" width=\"1016\" height=\"1024\" src=\"https:\/\/cdvoile31.fr\/wp-content\/uploads\/2025\/05\/Copie-de-Logo-USCV-1016x1024.jpg\" alt=\"\" class=\"wp-image-269 size-full\" srcset=\"https:\/\/cdvoile31.fr\/wp-content\/uploads\/2025\/05\/Copie-de-Logo-USCV-1016x1024.jpg 1016w, https:\/\/cdvoile31.fr\/wp-content\/uploads\/2025\/05\/Copie-de-Logo-USCV-298x300.jpg 298w, https:\/\/cdvoile31.fr\/wp-content\/uploads\/2025\/05\/Copie-de-Logo-USCV-150x150.jpg 150w, https:\/\/cdvoile31.fr\/wp-content\/uploads\/2025\/05\/Copie-de-Logo-USCV-768x774.jpg 768w, https:\/\/cdvoile31.fr\/wp-content\/uploads\/2025\/05\/Copie-de-Logo-USCV-1072x1080.jpg 1072w, https:\/\/cdvoile31.fr\/wp-content\/uploads\/2025\/05\/Copie-de-Logo-USCV.jpg 1200w\" sizes=\"(max-width: 1016px) 100vw, 1016px\" \/><\/figure><div class=\"wp-block-media-text__content\">\n<p><a href=\"https:\/\/www.uscvoile.fr\/\" target=\"_blank\" rel=\"noreferrer noopener\">R\u00e9gate 4 octobre 2026 &#8211; Carmaux Lac de la Roucari\u00e9 (81)<\/a><\/p>\n<\/div><\/div>\n\n\n\n<div class=\"wp-block-media-text is-stacked-on-mobile\" style=\"grid-template-columns:15% auto\"><figure class=\"wp-block-media-text__media\"><img loading=\"lazy\" decoding=\"async\" width=\"768\" height=\"987\" src=\"https:\/\/cdvoile31.fr\/wp-content\/uploads\/2025\/05\/482328511_1224144403052378_1890280585301353792_n-768x987-1.jpg\" alt=\"\" class=\"wp-image-263 size-full\" srcset=\"https:\/\/cdvoile31.fr\/wp-content\/uploads\/2025\/05\/482328511_1224144403052378_1890280585301353792_n-768x987-1.jpg 768w, https:\/\/cdvoile31.fr\/wp-content\/uploads\/2025\/05\/482328511_1224144403052378_1890280585301353792_n-768x987-1-233x300.jpg 233w\" sizes=\"(max-width: 768px) 100vw, 768px\" \/><\/figure><div class=\"wp-block-media-text__content\">\n<p><a href=\"https:\/\/www.nautisme-carbonne.com\/la-vie-du-club\/\" target=\"_blank\" rel=\"noreferrer noopener\">R\u00e9gate 11 octobre 2026 &#8211; Plan d&rsquo;eau de Manci\u00e8s (31)<\/a><\/p>\n<\/div><\/div>\n\n\n\n<div class=\"wp-block-media-text is-stacked-on-mobile\" style=\"grid-template-columns:15% auto\"><figure class=\"wp-block-media-text__media\"><img loading=\"lazy\" decoding=\"async\" width=\"367\" height=\"234\" src=\"https:\/\/cdvoile31.fr\/wp-content\/uploads\/2025\/05\/logo_asptt.jpg\" alt=\"\" class=\"wp-image-264 size-full\" srcset=\"https:\/\/cdvoile31.fr\/wp-content\/uploads\/2025\/05\/logo_asptt.jpg 367w, https:\/\/cdvoile31.fr\/wp-content\/uploads\/2025\/05\/logo_asptt-300x191.jpg 300w\" sizes=\"(max-width: 367px) 100vw, 367px\" \/><\/figure><div class=\"wp-block-media-text__content\">\n<p><a href=\"https:\/\/toulouse.asptt.com\/activity\/voile\/\" target=\"_blank\" rel=\"noreferrer noopener\"> &#8211; Plan d&rsquo;eau de Manci\u00e8s (31)<\/a><\/p>\n<\/div><\/div>\n\n\n\n<div class=\"wp-block-media-text is-stacked-on-mobile\" style=\"grid-template-columns:15% auto\"><figure class=\"wp-block-media-text__media\"><img loading=\"lazy\" decoding=\"async\" width=\"201\" height=\"188\" src=\"https:\/\/cdvoile31.fr\/wp-content\/uploads\/2025\/05\/ganguise.png\" alt=\"\" class=\"wp-image-266 size-full\"\/><\/figure><div class=\"wp-block-media-text__content\">\n<p><a href=\"https:\/\/www.ganguise.com\/\" target=\"_blank\" rel=\"noreferrer noopener\"> &#8211; Castelnaudary Lac de la Gang<\/a><\/p>\n\n\n<\/div><\/div>\n\n\n\n<div class=\"wp-block-media-text is-stacked-on-mobile\" style=\"grid-template-columns:15% auto\"><figure class=\"wp-block-media-text__media\"><img loading=\"lazy\" decoding=\"async\" width=\"201\" height=\"201\" src=\"https:\/\/cdvoile31.fr\/wp-content\/uploads\/2025\/05\/357089772_808525511065266_7464358974112478628_n.jpg\" alt=\"\" class=\"wp-image-270 size-full\" srcset=\"https:\/\/cdvoile31.fr\/wp-content\/uploads\/2025\/05\/357089772_808525511065266_7464358974112478628_n.jpg 201w, https:\/\/cdvoile31.fr\/wp-content\/uploads\/2025\/05\/357089772_808525511065266_7464358974112478628_n-150x150.jpg 150w\" sizes=\"(max-width: 201px) 100vw, 201px\" \/><\/figure><div class=\"wp-block-media-text__content\">\n<p><a href=\"https:\/\/www.facebook.com\/CVLaragou\" target=\"_blank\" rel=\"noreferrer noopener\"> &#8211; Lac du laragou (31)<\/a><\/p>\n<\/div><\/div>\n\n\n\n<p><\/p>\n","protected":false},"excerpt":{"rendered":"<p>Le Crit\u00e9rium du Grand Ouest Occitan propose une s\u00e9rie de r\u00e9gates dans 10 clubs d\u2019eaux int\u00e9rieures d\u2019Occitanie. Une occasion sympa d\u2019aller naviguer sur les plans d\u2019eau d&rsquo;Occitanie&#8230; N\u2019h\u00e9sitez pas \u00e0 consulter l\u2018avis de course&nbsp;et \u00e0 venir participer \u00e0 ces belles r\u00e9gates en toute convivialit\u00e9. R\u00e9gate du Tariquet 26 avril 2026 &#8211; Lac de Thoux Saint [&hellip;]<\/p>\n","protected":false},"author":1,"featured_media":0,"parent":0,"menu_order":0,"comment_status":"closed","ping_status":"closed","template":"","meta":{"saved_in_kubio":false,"footnotes":""},"class_list":["post-15","page","type-page","status-publish","hentry"],"kubio_ai_page_context":{"short_desc":"","purpose":"general"},"_links":{"self":[{"href":"https:\/\/cdvoile31.fr\/index.php\/wp-json\/wp\/v2\/pages\/15","targetHints":{"allow":["GET"]}}],"collection":[{"href":"https:\/\/cdvoile31.fr\/index.php\/wp-json\/wp\/v2\/pages"}],"about":[{"href":"https:\/\/cdvoile31.fr\/index.php\/wp-json\/wp\/v2\/types\/page"}],"author":[{"embeddable":true,"href":"https:\/\/cdvoile31.fr\/index.php\/wp-json\/wp\/v2\/users\/1"}],"replies":[{"embeddable":true,"href":"https:\/\/cdvoile31.fr\/index.php\/wp-json\/wp\/v2\/comments?post=15"}],"version-history":[{"count":13,"href":"https:\/\/cdvoile31.fr\/index.php\/wp-json\/wp\/v2\/pages\/15\/revisions"}],"predecessor-version":[{"id":321,"href":"https:\/\/cdvoile31.fr\/index.php\/wp-json\/wp\/v2\/pages\/15\/revisions\/321"}],"wp:attachment":[{"href":"https:\/\/cdvoile31.fr\/index.php\/wp-json\/wp\/v2\/media?parent=15"}],"curies":[{"name":"wp","href":"https:\/\/api.w.org\/{rel}","templated":true}]}}